{"id":1862,"date":"2024-01-23T11:12:02","date_gmt":"2024-01-23T11:12:02","guid":{"rendered":"http:\/\/lidenex.com\/?page_id=1862"},"modified":"2024-01-23T11:12:03","modified_gmt":"2024-01-23T11:12:03","slug":"declaracion-de-accesibilidad","status":"publish","type":"page","link":"https:\/\/lidenex.com\/en\/declaracion-de-accesibilidad\/","title":{"rendered":"Accessibility statement"},"content":{"rendered":"<p>Lidenex se ha comprometido a hacer accesible su sitio web, de conformidad con \u00a0<a href=\"http:\/\/www.boe.es\/diario_boe\/txt.php?id=BOE-A-2018-12699\" target=\"_blank\" rel=\"noreferrer noopener\">Real Decreto 1112\/2018, de 7 de septiembre, sobre accesibilidad de los sitios web y aplicaciones para dispositivos m\u00f3viles del sector p\u00fablico<\/a>.<\/p>\n\n\n\n<p>La presente declaraci\u00f3n de accesibilidad se aplica a el sitio web lidenex.com.<\/p>\n\n\n\n<p>El sitio web est\u00e1 dise\u00f1ado para su visualizaci\u00f3n Responsive, con lo que se visualiza de forma \u00f3ptima en los dispositivos tablet y m\u00f3viles. En estos dispositivos est\u00e1 optimizado para su visualizaci\u00f3n en las \u00faltimas versiones vigentes de \u201cChrome for mobile\u201d, \u201cFirefox for mobile\u201d, \u201cSafari mobile\u201d, \u201cOpera Mini\u201d y navegador nativo de Android.<\/p>\n\n\n\n<p>La \u00faltima revisi\u00f3n de la accesibilidad se ha realizado en Enero de 2024.<\/p>\n\n\n\n<p><strong>Situaci\u00f3n de cumplimiento<\/strong><\/p>\n\n\n\n<p>El sitio web de Lidenex es\u00a0<strong>parcialmente conforme<\/strong>\u00a0con el RD 1112\/2018 debido a las excepciones y a la falta de conformidad de los aspectos que se indican a continuaci\u00f3n.<\/p>\n\n\n\n<h4 class=\"wp-block-heading\">Contenido no accesible<\/h4>\n\n\n\n<h3 class=\"wp-block-heading\">Falta de conformidad con el RD 1112\/2018<\/h3>\n\n\n\n<p>El contenido que se recoge a continuaci\u00f3n no es accesible por lo siguiente (todas ellas cuestiones en revisi\u00f3n que ser\u00e1n mejoradas en sucesivas versiones de los portales):<\/p>\n\n\n\n<ul class=\"wp-block-list\">\n<li>Algunas de las im\u00e1genes de la web deber\u00edan estar marcadas como decorativas.<\/li>\n\n\n\n<li>En la \u00faltima revisi\u00f3n se ha comprobado que hay problemas de contraste de color en algunos bloques de la web.<\/li>\n\n\n\n<li>En algunas secciones existen tama\u00f1os de fuentes en medidas absolutas (p\u00edxels).<\/li>\n\n\n\n<li>En algunas p\u00e1ginas hay problemas en el orden de lectura y tabulaci\u00f3n.<\/li>\n\n\n\n<li>En algunos men\u00fas el foco del teclado no es visible o se comporta de forma inesperada. Tambi\u00e9n est\u00e1 pendiente de revisar el comportamiento de submen\u00fas con el teclado.<\/li>\n\n\n\n<li>El enlace de saltar al contenido principal est\u00e1 pendiente de ser ajustado.<\/li>\n\n\n\n<li>Algunas descripciones de botones est\u00e1n pendientes de revisi\u00f3n.<\/li>\n\n\n\n<li>Podr\u00edan existir fallos puntuales de edici\u00f3n en alguna secci\u00f3n web.<\/li>\n<\/ul>\n\n\n\n<h4 class=\"wp-block-heading\">Carga desproporcionada<\/h4>\n\n\n\n<p>No aplica.<\/p>\n\n\n\n<h4 class=\"wp-block-heading\">Preparaci\u00f3n de la presente declaraci\u00f3n de accesibilidad<\/h4>\n\n\n\n<p>La presente declaraci\u00f3n fue preparada el 20 de enero de 2024.<\/p>\n\n\n\n<p>El m\u00e9todo empleado para preparar la declaraci\u00f3n ha sido una autoevaluaci\u00f3n llevada a cabo por la empresa de programaci\u00f3n.<\/p>\n\n\n\n<p>\u00daltima revisi\u00f3n de la declaraci\u00f3n: 20 de enero de 2024.<\/p>\n\n\n\n<h4 class=\"wp-block-heading\">Observaciones y datos de contacto<\/h4>\n\n\n\n<p>Puede realizar comunicaciones sobre requisitos de accesibilidad (art\u00edculo 10.2.a) del RD 1112\/2018) como, por ejemplo:<\/p>\n\n\n\n<ul class=\"wp-block-list\">\n<li>Informar sobre cualquier posible incumplimiento por parte de este sitio web.<\/li>\n\n\n\n<li>Transmitir otras dificultades de acceso al contenido.<\/li>\n\n\n\n<li>Formular cualquier otra consulta o sugerencia de mejora relativa a la accesibilidad del sitio web a trav\u00e9s del correo\u00a0lidenex@gmail.com.<\/li>\n<\/ul>\n\n\n\n<p>Puede presentar:<\/p>\n\n\n\n<ul class=\"wp-block-list\">\n<li>Una queja relativa al cumplimiento de los requisitos del RD 1112\/2018<\/li>\n\n\n\n<li>Una solicitud de informaci\u00f3n accesible relativa a:\n<ol class=\"wp-block-list\">\n<li>Contenidos que est\u00e1n excluidos del \u00e1mbito de aplicaci\u00f3n del RD 1112\/2018 seg\u00fan lo establecido por el art\u00edculo 3, apartado 4.<\/li>\n\n\n\n<li>Contenidos que est\u00e1n exentos del cumplimiento de los requisitos de accesibilidad por imponer una carga desproporcionada.<\/li>\n<\/ol>\n<\/li>\n<\/ul>\n\n\n\n<p>En la solicitud de informaci\u00f3n accesible, se debe concretar, con toda claridad, los hechos, razones y petici\u00f3n que permitan constatar que se trata de una solicitud razonable y leg\u00edtima.<\/p>\n\n\n\n<p>Las comunicaciones, quejas y solicitudes de informaci\u00f3n accesible ser\u00e1n recibidas y tratadas por Lidenex a trav\u00e9s del\u00a0formulario de contacto del portal (Asunto: \u201cAccesibilidad de las webs\u201c). Si una vez realizada una solicitud de informaci\u00f3n accesible o queja, esta hubiera sido desestimada, no se estuviera de acuerdo con la decisi\u00f3n adoptada, o la respuesta no cumpliera los requisitos contemplados en el art\u00edculo 12.5, la persona interesada podr\u00e1 iniciar una reclamaci\u00f3n. Igualmente se podr\u00e1 iniciar una reclamaci\u00f3n en el caso de que haya transcurrido el plazo de veinte d\u00edas h\u00e1biles sin haber obtenido respuesta. La reclamaci\u00f3n puede ser presentada trav\u00e9s de la\u00a0<a href=\"https:\/\/serviciosede.mineco.gob.es\/FB\/Home.aspx?control=161_IG\" target=\"_blank\" rel=\"noreferrer noopener\">Instancia Gen\u00e9rica de la sede electr\u00f3nica del Ministerio de Asuntos Econ\u00f3micos y Transformaci\u00f3n Digital<\/a>, as\u00ed como en el resto de opciones recogidas en la Ley 39\/ 2015, de 1 de octubre, del Procedimiento Administrativo Com\u00fan de las Administraciones P\u00fablicas. Las reclamaciones ser\u00e1n recibidas y tratadas por la Subdirecci\u00f3n General de Inspecci\u00f3n de Servicios del Ministerio.<\/p>","protected":false},"excerpt":{"rendered":"<p>Lidenex se ha comprometido a hacer accesible su sitio web, de conformidad con \u00a0Real Decreto 1112\/2018, de 7 de septiembre, sobre accesibilidad de los sitios web y aplicaciones para dispositivos m\u00f3viles del sector p\u00fablico. La presente declaraci\u00f3n de accesibilidad se aplica a el sitio web lidenex.com. El sitio web est\u00e1 dise\u00f1ado para su visualizaci\u00f3n Responsive, &hellip;<\/p>\n<p class=\"read-more\"> <a class=\"\" href=\"https:\/\/lidenex.com\/en\/declaracion-de-accesibilidad\/\"> <span class=\"screen-reader-text\">Accessibility statement<\/span> Read More &raquo;<\/a><\/p>","protected":false},"author":1,"featured_media":0,"parent":0,"menu_order":0,"comment_status":"closed","ping_status":"closed","template":"","meta":{"site-sidebar-layout":"default","site-content-layout":"","ast-site-content-layout":"default","site-content-style":"default","site-sidebar-style":"default","ast-global-header-display":"","ast-banner-title-visibility":"","ast-main-header-display":"","ast-hfb-above-header-display":"","ast-hfb-below-header-display":"","ast-hfb-mobile-header-display":"","site-post-title":"","ast-breadcrumbs-content":"","ast-featured-img":"","footer-sml-layout":"","theme-transparent-header-meta":"","adv-header-id-meta":"","stick-header-meta":"","header-above-stick-meta":"","header-main-stick-meta":"","header-below-stick-meta":"","astra-migrate-meta-layouts":"set","ast-page-background-enabled":"default","ast-page-background-meta":{"desktop":{"background-color":"var(--ast-global-color-4)","background-image":"","background-repeat":"repeat","background-position":"center center","background-size":"auto","background-attachment":"scroll","background-type":"","background-media":"","overlay-type":"","overlay-color":"","overlay-gradient":""},"tablet":{"background-color":"","background-image":"","background-repeat":"repeat","background-position":"center center","background-size":"auto","background-attachment":"scroll","background-type":"","background-media":"","overlay-type":"","overlay-color":"","overlay-gradient":""},"mobile":{"background-color":"","background-image":"","background-repeat":"repeat","background-position":"center center","background-size":"auto","background-attachment":"scroll","background-type":"","background-media":"","overlay-type":"","overlay-color":"","overlay-gradient":""}},"ast-content-background-meta":{"desktop":{"background-color":"var(--ast-global-color-5)","background-image":"","background-repeat":"repeat","background-position":"center center","background-size":"auto","background-attachment":"scroll","background-type":"","background-media":"","overlay-type":"","overlay-color":"","overlay-gradient":""},"tablet":{"background-color":"var(--ast-global-color-5)","background-image":"","background-repeat":"repeat","background-position":"center center","background-size":"auto","background-attachment":"scroll","background-type":"","background-media":"","overlay-type":"","overlay-color":"","overlay-gradient":""},"mobile":{"background-color":"var(--ast-global-color-5)","background-image":"","background-repeat":"repeat","background-position":"center center","background-size":"auto","background-attachment":"scroll","background-type":"","background-media":"","overlay-type":"","overlay-color":"","overlay-gradient":""}},"footnotes":""},"class_list":["post-1862","page","type-page","status-publish","hentry"],"yoast_head":"<!-- This site is optimized with the Yoast SEO plugin v23.9 - https:\/\/yoast.com\/wordpress\/plugins\/seo\/ -->\n<title>Declaraci\u00f3n de accesibilidad - Lidenex Extremadura<\/title>\n<meta name=\"robots\" content=\"index, follow, max-snippet:-1, max-image-preview:large, max-video-preview:-1\" \/>\n<link rel=\"canonical\" href=\"https:\/\/lidenex.com\/en\/declaracion-de-accesibilidad\/\" \/>\n<meta property=\"og:locale\" content=\"en_GB\" \/>\n<meta property=\"og:type\" content=\"article\" \/>\n<meta property=\"og:title\" content=\"Declaraci\u00f3n de accesibilidad - Lidenex Extremadura\" \/>\n<meta property=\"og:description\" content=\"Lidenex se ha comprometido a hacer accesible su sitio web, de conformidad con \u00a0Real Decreto 1112\/2018, de 7 de septiembre, sobre accesibilidad de los sitios web y aplicaciones para dispositivos m\u00f3viles del sector p\u00fablico. La presente declaraci\u00f3n de accesibilidad se aplica a el sitio web lidenex.com. El sitio web est\u00e1 dise\u00f1ado para su visualizaci\u00f3n Responsive, &hellip; Declaraci\u00f3n de accesibilidad Read More &raquo;\" \/>\n<meta property=\"og:url\" content=\"https:\/\/lidenex.com\/en\/declaracion-de-accesibilidad\/\" \/>\n<meta property=\"og:site_name\" content=\"Lidenex Extremadura\" \/>\n<meta property=\"article:publisher\" content=\"https:\/\/www.facebook.com\/pages\/Lidenex\/167109126781717\" \/>\n<meta property=\"article:modified_time\" content=\"2024-01-23T11:12:03+00:00\" \/>\n<meta name=\"twitter:card\" content=\"summary_large_image\" \/>\n<meta name=\"twitter:label1\" content=\"Estimated reading time\" \/>\n\t<meta name=\"twitter:data1\" content=\"3 minutes\" \/>\n<script type=\"application\/ld+json\" class=\"yoast-schema-graph\">{\"@context\":\"https:\/\/schema.org\",\"@graph\":[{\"@type\":\"WebPage\",\"@id\":\"https:\/\/lidenex.com\/declaracion-de-accesibilidad\/\",\"url\":\"https:\/\/lidenex.com\/declaracion-de-accesibilidad\/\",\"name\":\"Declaraci\u00f3n de accesibilidad - Lidenex Extremadura\",\"isPartOf\":{\"@id\":\"https:\/\/lidenex.com\/#website\"},\"datePublished\":\"2024-01-23T11:12:02+00:00\",\"dateModified\":\"2024-01-23T11:12:03+00:00\",\"breadcrumb\":{\"@id\":\"https:\/\/lidenex.com\/declaracion-de-accesibilidad\/#breadcrumb\"},\"inLanguage\":\"en-GB\",\"potentialAction\":[{\"@type\":\"ReadAction\",\"target\":[\"https:\/\/lidenex.com\/declaracion-de-accesibilidad\/\"]}]},{\"@type\":\"BreadcrumbList\",\"@id\":\"https:\/\/lidenex.com\/declaracion-de-accesibilidad\/#breadcrumb\",\"itemListElement\":[{\"@type\":\"ListItem\",\"position\":1,\"name\":\"Portada\",\"item\":\"https:\/\/lidenex.com\/\"},{\"@type\":\"ListItem\",\"position\":2,\"name\":\"Declaraci\u00f3n de accesibilidad\"}]},{\"@type\":\"WebSite\",\"@id\":\"https:\/\/lidenex.com\/#website\",\"url\":\"https:\/\/lidenex.com\/\",\"name\":\"Lidenex Extremadura\",\"description\":\"Un remanso de paz\",\"publisher\":{\"@id\":\"https:\/\/lidenex.com\/#organization\"},\"potentialAction\":[{\"@type\":\"SearchAction\",\"target\":{\"@type\":\"EntryPoint\",\"urlTemplate\":\"https:\/\/lidenex.com\/?s={search_term_string}\"},\"query-input\":{\"@type\":\"PropertyValueSpecification\",\"valueRequired\":true,\"valueName\":\"search_term_string\"}}],\"inLanguage\":\"en-GB\"},{\"@type\":\"Organization\",\"@id\":\"https:\/\/lidenex.com\/#organization\",\"name\":\"Lidenex Extremadura\",\"url\":\"https:\/\/lidenex.com\/\",\"logo\":{\"@type\":\"ImageObject\",\"inLanguage\":\"en-GB\",\"@id\":\"https:\/\/lidenex.com\/#\/schema\/logo\/image\/\",\"url\":\"https:\/\/lidenex.com\/wp-content\/uploads\/2023\/12\/cropped-cropped-Diseno-sin-titulo-10-1.png\",\"contentUrl\":\"https:\/\/lidenex.com\/wp-content\/uploads\/2023\/12\/cropped-cropped-Diseno-sin-titulo-10-1.png\",\"width\":459,\"height\":153,\"caption\":\"Lidenex Extremadura\"},\"image\":{\"@id\":\"https:\/\/lidenex.com\/#\/schema\/logo\/image\/\"},\"sameAs\":[\"https:\/\/www.facebook.com\/pages\/Lidenex\/167109126781717\"]}]}<\/script>\n<!-- \/ Yoast SEO plugin. -->","yoast_head_json":{"title":"Declaraci\u00f3n de accesibilidad - Lidenex Extremadura","robots":{"index":"index","follow":"follow","max-snippet":"max-snippet:-1","max-image-preview":"max-image-preview:large","max-video-preview":"max-video-preview:-1"},"canonical":"https:\/\/lidenex.com\/en\/declaracion-de-accesibilidad\/","og_locale":"en_GB","og_type":"article","og_title":"Declaraci\u00f3n de accesibilidad - Lidenex Extremadura","og_description":"Lidenex se ha comprometido a hacer accesible su sitio web, de conformidad con \u00a0Real Decreto 1112\/2018, de 7 de septiembre, sobre accesibilidad de los sitios web y aplicaciones para dispositivos m\u00f3viles del sector p\u00fablico. La presente declaraci\u00f3n de accesibilidad se aplica a el sitio web lidenex.com. El sitio web est\u00e1 dise\u00f1ado para su visualizaci\u00f3n Responsive, &hellip; Declaraci\u00f3n de accesibilidad Read More &raquo;","og_url":"https:\/\/lidenex.com\/en\/declaracion-de-accesibilidad\/","og_site_name":"Lidenex Extremadura","article_publisher":"https:\/\/www.facebook.com\/pages\/Lidenex\/167109126781717","article_modified_time":"2024-01-23T11:12:03+00:00","twitter_card":"summary_large_image","twitter_misc":{"Estimated reading time":"3 minutes"},"schema":{"@context":"https:\/\/schema.org","@graph":[{"@type":"WebPage","@id":"https:\/\/lidenex.com\/declaracion-de-accesibilidad\/","url":"https:\/\/lidenex.com\/declaracion-de-accesibilidad\/","name":"Declaraci\u00f3n de accesibilidad - Lidenex Extremadura","isPartOf":{"@id":"https:\/\/lidenex.com\/#website"},"datePublished":"2024-01-23T11:12:02+00:00","dateModified":"2024-01-23T11:12:03+00:00","breadcrumb":{"@id":"https:\/\/lidenex.com\/declaracion-de-accesibilidad\/#breadcrumb"},"inLanguage":"en-GB","potentialAction":[{"@type":"ReadAction","target":["https:\/\/lidenex.com\/declaracion-de-accesibilidad\/"]}]},{"@type":"BreadcrumbList","@id":"https:\/\/lidenex.com\/declaracion-de-accesibilidad\/#breadcrumb","itemListElement":[{"@type":"ListItem","position":1,"name":"Portada","item":"https:\/\/lidenex.com\/"},{"@type":"ListItem","position":2,"name":"Declaraci\u00f3n de accesibilidad"}]},{"@type":"WebSite","@id":"https:\/\/lidenex.com\/#website","url":"https:\/\/lidenex.com\/","name":"Lidenex Extremadura","description":"Un remanso de paz","publisher":{"@id":"https:\/\/lidenex.com\/#organization"},"potentialAction":[{"@type":"SearchAction","target":{"@type":"EntryPoint","urlTemplate":"https:\/\/lidenex.com\/?s={search_term_string}"},"query-input":{"@type":"PropertyValueSpecification","valueRequired":true,"valueName":"search_term_string"}}],"inLanguage":"en-GB"},{"@type":"Organization","@id":"https:\/\/lidenex.com\/#organization","name":"Lidenex Extremadura","url":"https:\/\/lidenex.com\/","logo":{"@type":"ImageObject","inLanguage":"en-GB","@id":"https:\/\/lidenex.com\/#\/schema\/logo\/image\/","url":"https:\/\/lidenex.com\/wp-content\/uploads\/2023\/12\/cropped-cropped-Diseno-sin-titulo-10-1.png","contentUrl":"https:\/\/lidenex.com\/wp-content\/uploads\/2023\/12\/cropped-cropped-Diseno-sin-titulo-10-1.png","width":459,"height":153,"caption":"Lidenex Extremadura"},"image":{"@id":"https:\/\/lidenex.com\/#\/schema\/logo\/image\/"},"sameAs":["https:\/\/www.facebook.com\/pages\/Lidenex\/167109126781717"]}]}},"_links":{"self":[{"href":"https:\/\/lidenex.com\/en\/wp-json\/wp\/v2\/pages\/1862","targetHints":{"allow":["GET"]}}],"collection":[{"href":"https:\/\/lidenex.com\/en\/wp-json\/wp\/v2\/pages"}],"about":[{"href":"https:\/\/lidenex.com\/en\/wp-json\/wp\/v2\/types\/page"}],"author":[{"embeddable":true,"href":"https:\/\/lidenex.com\/en\/wp-json\/wp\/v2\/users\/1"}],"replies":[{"embeddable":true,"href":"https:\/\/lidenex.com\/en\/wp-json\/wp\/v2\/comments?post=1862"}],"version-history":[{"count":1,"href":"https:\/\/lidenex.com\/en\/wp-json\/wp\/v2\/pages\/1862\/revisions"}],"predecessor-version":[{"id":1863,"href":"https:\/\/lidenex.com\/en\/wp-json\/wp\/v2\/pages\/1862\/revisions\/1863"}],"wp:attachment":[{"href":"https:\/\/lidenex.com\/en\/wp-json\/wp\/v2\/media?parent=1862"}],"curies":[{"name":"wp","href":"https:\/\/api.w.org\/{rel}","templated":true}]}}